{"id":2822,"date":"2013-03-06T18:24:12","date_gmt":"2013-03-06T18:24:12","guid":{"rendered":"http:\/\/www.lambent.com\/?page_id=2822"},"modified":"2015-01-12T18:05:59","modified_gmt":"2015-01-12T18:05:59","slug":"ekman-habilidades-e-competencias-emocionais","status":"publish","type":"page","link":"https:\/\/www.lambent.com\/pt-br\/ekman-habilidades-e-competencias-emocionais\/","title":{"rendered":"Habilidades e Compet\u00eancias Emocionais"},"content":{"rendered":"<p style=\"text-align: center;\"><a href=\"http:\/\/www.lambent.com\/wp-content\/uploads\/2012\/11\/Lambent-PEI-logo.jpg\"><img loading=\"lazy\" decoding=\"async\" title=\"Lambent - Paul Ekman licensed provider\" src=\"http:\/\/www.lambent.com\/wp-content\/uploads\/2012\/11\/Lambent-PEI-logo.jpg\" alt=\"Lambent - Paul Ekman licensed provider\" width=\"580\" height=\"190\" \/><\/a><\/p>\n<p style=\"text-align: center;\"><a href=\"http:\/\/www.lambent.com\/Resources\/Brochures\/ESaC_portugues.pdf\" target=\"_blank\"><img loading=\"lazy\" decoding=\"async\" src=\"http:\/\/www.lambent.com\/wp-content\/uploads\/2012\/11\/download_brochure_por.png\" alt=\"download_brochure_por\" width=\"171\" height=\"27\" \/><\/a><\/p>\n<p>[vsw id=&#8221;h19PzyqOxxo&#8221; source=&#8221;youtube&#8221; width=&#8221;425&#8243; height=&#8221;344&#8243; autoplay=&#8221;no&#8221;]<\/p>\n<h4><\/h4>\n<h5>Este \u00e9 um curso aprovado por Paul Ekman<\/h5>\n<p>Este curso trata das emo\u00e7\u00f5es, dos sentimentos, de como reconhecer e dirigir as emo\u00e7\u00f5es em n\u00f3s mesmos e nos outros.<br \/>\nAs emo\u00e7\u00f5es fazem parte de nossa condi\u00e7\u00e3o humana. Pensamos e sentimos&#8230; e atuamos.<br \/>\nAs emo\u00e7\u00f5es s\u00e3o o que impulsionam nossas a\u00e7\u00f5es, nos d\u00e3o paix\u00e3o, motiva\u00e7\u00e3o e energia, d\u00e3o a energia e o enfoque para tomar decis\u00f5es e atuar.<br \/>\nTodos queremos uma vida emocional e profissional feliz e segura. As pesquisas demonstram que a intelig\u00eancia emocional \u00e9 fundamental para o sucesso.<br \/>\nAs emo\u00e7\u00f5es s\u00e3o maravilhosas, mas tamb\u00e9m podem ocasionar problemas.<br \/>\nPodem nos dominar e nos arrastar com elas.<br \/>\nQuando n\u00e3o reconhecemos nem controlamos nossas emo\u00e7\u00f5es, podemos atuar de maneira impulsiva e arriscar nossas rela\u00e7\u00f5es pessoais e nosso trabalho.<br \/>\nO mesmo pode ocorrer quando n\u00e3o reconhecemos nem controlamos as emo\u00e7\u00f5es de outras pessoas.<br \/>\nNeste curso, voc\u00ea encontrar\u00e1 a intelig\u00eancia e a consci\u00eancia emocional para reconhecer e controlar suas emo\u00e7\u00f5es e manejar as emo\u00e7\u00f5es de outras pessoas.<\/p>\n<p>&nbsp;<\/p>\n<p>[vsw id=&#8221;gaZDLOAg_Po&#8221; source=&#8221;youtube&#8221; width=&#8221;425&#8243; height=&#8221;344&#8243; autoplay=&#8221;no&#8221;]<\/p>\n<p>&nbsp;<\/p>\n<h2><strong>Intelig\u00eancia emocional<\/strong><\/h2>\n<p>A import\u00e2ncia da Intelig\u00eancia emocional \u00e9 reconhecida universalmente.<br \/>\nMas, como podemos utiliz\u00e1-la para marcar uma diferen\u00e7a?<br \/>\n\u00c9 preciso ter compet\u00eancia emocional: saber como trabalhar com as emo\u00e7\u00f5es.<br \/>\nEsta \u00e9 a \u00fanica contribui\u00e7\u00e3o de Paul Ekman.<br \/>\nPerceber as emo\u00e7\u00f5es: a habilidade de detect\u00e1-las e decifr\u00e1-las, inclu\u00edda a habilidade de identificar as pr\u00f3prias emo\u00e7\u00f5es. Sem essa capacidade n\u00e3o \u00e9 poss\u00edvel avan\u00e7ar.<br \/>\nUsar as emo\u00e7\u00f5es: a habilidade de aproveitar as emo\u00e7\u00f5es para ajudar o pensamento e a resolu\u00e7\u00e3o de problemas. Entender as emo\u00e7\u00f5es.<br \/>\nControlar as emo\u00e7\u00f5es: a habilidade de regular as emo\u00e7\u00f5es tanto em n\u00f3s como em outras pessoas (inclusive as emo\u00e7\u00f5es negativas).<br \/>\nEste programa o ajudar\u00e1 em todas essas \u00e1reas.<\/p>\n<p>&nbsp;<\/p>\n<h2><strong>Este \u00e9 um programa de certifica\u00e7\u00e3o internacional de tr\u00eas dias<\/strong><\/h2>\n<p>Este programa o ajudar\u00e1 a reconhecer e controlar as emo\u00e7\u00f5es de melhor maneira em voc\u00ea e nas outras pessoas.<br \/>\nEst\u00e1 baseado nas mais recentes pesquisas em psicologia e ci\u00eancia da conduta.<br \/>\nOferecer\u00e1 conhecimento, habilidades e consci\u00eancia necess\u00e1rios para avaliar a comunica\u00e7\u00e3o verbal e n\u00e3o-verbal de outras pessoas e a capacidade de identificar sua pr\u00f3pria.<br \/>\nAprender\u00e1 a ler as emo\u00e7\u00f5es atrav\u00e9s dos cinco canais de comunica\u00e7\u00e3o:<br \/>\n<strong><em>&#8211; express\u00f5es faciais<\/em><\/strong><br \/>\n(inclu\u00eddas as microexpress\u00f5es nas quais as emo\u00e7\u00f5es se mostram no rosto durante uma fra\u00e7\u00e3o de segundo)<br \/>\n<em><strong>&#8211; tom da voz<\/strong> <\/em><br \/>\n<em><strong>&#8211; estilo verbal<\/strong><\/em><br \/>\n(o padr\u00e3o caracter\u00edstico do modo de falar natural das pessoas)<br \/>\n<em><strong>&#8211; conte\u00fado verbal<\/strong><\/em><br \/>\n(as palavras que s\u00e3o ditas)<br \/>\n<em><strong>&#8211; linguagem corporal<\/strong><\/em><br \/>\n(o modo como a linguagem corporal reflete as emo\u00e7\u00f5es)<br \/>\nO curso \u00e9 din\u00e2mico, divertido e interativo e muito pr\u00e1tico.<br \/>\nVoc\u00ea aprender\u00e1 e praticar\u00e1 as habilidades em um ambiente seguro com um treinador aprovado por Paul Ekman.<br \/>\nAo finalizar o programa com \u00eaxito, ser\u00e1 entregue um certificado internacional com qualifica\u00e7\u00e3o.<\/p>\n<h2><\/h2>\n<h2><strong>Metas do curso<\/strong><\/h2>\n<p>Permitir ser consciente das pr\u00f3prias emo\u00e7\u00f5es, reconhec\u00ea-las e control\u00e1-las, reconhecer as emo\u00e7\u00f5es em outras pessoas e utilizar as melhores estrat\u00e9gias para controlar as situa\u00e7\u00f5es emocionais com outros e construir boas rela\u00e7\u00f5es.<br \/>\nObjetivos do curso<br \/>\nAo realizar este curso, voc\u00ea ser\u00e1 capaz de:<\/p>\n<ul>\n<li>Entender como funcionam as emo\u00e7\u00f5es, de onde surgem e como se manifestam.<\/li>\n<li>Reconhecer e administrar seus pr\u00f3prios \u2018disparadores emocionais\u2019.<\/li>\n<li>Ser mais consciente das pr\u00f3prias emo\u00e7\u00f5es e ter melhores estrat\u00e9gias para administr\u00e1-las.<\/li>\n<li>Ser consciente no momento em que \u00e9 dominado por uma emo\u00e7\u00e3o.<\/li>\n<li>Desenvolver a capacidade de controlar o n\u00edvel emocional.<\/li>\n<li>Aumentar suas habilidades de observa\u00e7\u00e3o nos cinco canais: saber o que se deve buscar e de que forma.<\/li>\n<li>Aumentar suas habilidades para escutar nos cinco canais: saber o que se deve escutar e de que forma.<\/li>\n<li>Ser capaz de reconhecer as microexpress\u00f5es de emo\u00e7\u00f5es em outras pessoas.<\/li>\n<li>Reconhecer as emo\u00e7\u00f5es de maneira correta nos outros para poder entend\u00ea-los e construir boas rela\u00e7\u00f5es.<\/li>\n<li>Reconhecer as emo\u00e7\u00f5es nos outros para ajud\u00e1-los a conseguir uma compreens\u00e3o mais profunda.<\/li>\n<li>Utilizar esta informa\u00e7\u00e3o para trabalhar com outras pessoas de maneira construtiva.<\/li>\n<\/ul>\n<p>&nbsp;<\/p>\n<h2><strong>Quem se beneficiar\u00e1 com este curso?<\/strong><\/h2>\n<p>Este \u00e9 um curso destinado a toda pessoa que valorize a intelig\u00eancia emocional, valorize suas emo\u00e7\u00f5es e deseje conseguir uma maior consci\u00eancia das pr\u00f3prias emo\u00e7\u00f5es e melhorar suas rela\u00e7\u00f5es com outras pessoas.<br \/>\n\u00c9 muito \u00fatil nas \u00e1reas de ger\u00eancia, negocia\u00e7\u00e3o, rela\u00e7\u00f5es, treinamento, coaching e consultoria.<\/p>\n<p>&nbsp;<\/p>\n<div>\n<h2><strong>PROGRAMA<\/strong><\/h2>\n<h4><strong>Primeiro dia<em><br \/>\n<\/em><\/strong><\/h4>\n<p>Introdu\u00e7\u00e3o<br \/>\nExerc\u00edcios de introdu\u00e7\u00e3o<br \/>\nDefini\u00e7\u00e3o das emo\u00e7\u00f5es<br \/>\nComo funcionam as emo\u00e7\u00f5es<br \/>\nComo controlar suas emo\u00e7\u00f5es<br \/>\nExerc\u00edcios de v\u00eddeo<br \/>\nConsci\u00eancia<br \/>\nResumo e revis\u00e3o<\/p>\n<h4><strong>Segundo dia<\/strong><\/h4>\n<p>Exerc\u00edcios com microexpress\u00f5es<br \/>\nAs express\u00f5es faciais como um canal emocional<br \/>\nExpress\u00f5es sutis, parciais e dissimuladas<br \/>\nCanais de comunica\u00e7\u00e3o<br \/>\nA linguagem corporal e como expressa as emo\u00e7\u00f5es<br \/>\nExerc\u00edcios de v\u00eddeo<br \/>\nAs emo\u00e7\u00f5es no estilo verbal, o tom de voz e as palavras<br \/>\nResumo e revis\u00e3o<\/p>\n<h4><strong>Terceiro dia<\/strong><\/h4>\n<p>Proalimenta\u00e7\u00e3o: aplica\u00e7\u00f5es pr\u00e1ticas<br \/>\nAn\u00e1lise PCER (Planejamento, Compromisso, Explora\u00e7\u00e3o, Resolu\u00e7\u00e3o)<br \/>\nAn\u00e1lise de v\u00eddeo<br \/>\nResumo e revis\u00e3o<\/p>\n<\/div>","protected":false},"excerpt":{"rendered":"<p>[vsw id=&#8221;h19PzyqOxxo&#8221; source=&#8221;youtube&#8221; width=&#8221;425&#8243; height=&#8221;344&#8243; autoplay=&#8221;no&#8221;] Este \u00e9 um curso aprovado por Paul Ekman Este curso trata das emo\u00e7\u00f5es, dos sentimentos, de como reconhecer e dirigir as emo\u00e7\u00f5es em n\u00f3s mesmos e nos outros. As emo\u00e7\u00f5es fazem parte de nossa condi\u00e7\u00e3o humana. Pensamos e sentimos&#8230; e atuamos. As emo\u00e7\u00f5es s\u00e3o o que impulsionam nossas a\u00e7\u00f5es, [&hellip;]<\/p>\n","protected":false},"author":1,"featured_media":0,"parent":0,"menu_order":0,"comment_status":"open","ping_status":"open","template":"","meta":{"footnotes":""},"class_list":["post-2822","page","type-page","status-publish","hentry"],"yoast_head":"<!-- This site is optimized with the Yoast SEO plugin v26.8 - https:\/\/yoast.com\/product\/yoast-seo-wordpress\/ -->\n<title>Habilidades e Compet\u00eancias Emocionais - Lambent<\/title>\n<meta name=\"robots\" content=\"index, follow, max-snippet:-1, max-image-preview:large, max-video-preview:-1\" \/>\n<link rel=\"canonical\" href=\"https:\/\/www.lambent.com\/pt-br\/ekman-habilidades-e-competencias-emocionais\/\" \/>\n<meta property=\"og:locale\" content=\"pt_BR\" \/>\n<meta property=\"og:type\" content=\"article\" \/>\n<meta property=\"og:title\" content=\"Habilidades e Compet\u00eancias Emocionais - Lambent\" \/>\n<meta property=\"og:description\" content=\"[vsw id=&#8221;h19PzyqOxxo&#8221; source=&#8221;youtube&#8221; width=&#8221;425&#8243; height=&#8221;344&#8243; autoplay=&#8221;no&#8221;] Este \u00e9 um curso aprovado por Paul Ekman Este curso trata das emo\u00e7\u00f5es, dos sentimentos, de como reconhecer e dirigir as emo\u00e7\u00f5es em n\u00f3s mesmos e nos outros. As emo\u00e7\u00f5es fazem parte de nossa condi\u00e7\u00e3o humana. Pensamos e sentimos&#8230; e atuamos. As emo\u00e7\u00f5es s\u00e3o o que impulsionam nossas a\u00e7\u00f5es, [&hellip;]\" \/>\n<meta property=\"og:url\" content=\"https:\/\/www.lambent.com\/pt-br\/ekman-habilidades-e-competencias-emocionais\/\" \/>\n<meta property=\"og:site_name\" content=\"Lambent\" \/>\n<meta property=\"article:modified_time\" content=\"2015-01-12T18:05:59+00:00\" \/>\n<meta property=\"og:image\" content=\"http:\/\/www.lambent.com\/wp-content\/uploads\/2012\/11\/Lambent-PEI-logo.jpg\" \/>\n<meta name=\"twitter:label1\" content=\"Est. tempo de leitura\" \/>\n\t<meta name=\"twitter:data1\" content=\"5 minutos\" \/>\n<script type=\"application\/ld+json\" class=\"yoast-schema-graph\">{\"@context\":\"https:\/\/schema.org\",\"@graph\":[{\"@type\":\"WebPage\",\"@id\":\"https:\/\/www.lambent.com\/pt-br\/ekman-habilidades-e-competencias-emocionais\/\",\"url\":\"https:\/\/www.lambent.com\/pt-br\/ekman-habilidades-e-competencias-emocionais\/\",\"name\":\"Habilidades e Compet\u00eancias Emocionais - Lambent\",\"isPartOf\":{\"@id\":\"https:\/\/www.lambent.com\/#website\"},\"primaryImageOfPage\":{\"@id\":\"https:\/\/www.lambent.com\/pt-br\/ekman-habilidades-e-competencias-emocionais\/#primaryimage\"},\"image\":{\"@id\":\"https:\/\/www.lambent.com\/pt-br\/ekman-habilidades-e-competencias-emocionais\/#primaryimage\"},\"thumbnailUrl\":\"http:\/\/www.lambent.com\/wp-content\/uploads\/2012\/11\/Lambent-PEI-logo.jpg\",\"datePublished\":\"2013-03-06T18:24:12+00:00\",\"dateModified\":\"2015-01-12T18:05:59+00:00\",\"inLanguage\":\"pt-BR\",\"potentialAction\":[{\"@type\":\"ReadAction\",\"target\":[\"https:\/\/www.lambent.com\/pt-br\/ekman-habilidades-e-competencias-emocionais\/\"]}]},{\"@type\":\"ImageObject\",\"inLanguage\":\"pt-BR\",\"@id\":\"https:\/\/www.lambent.com\/pt-br\/ekman-habilidades-e-competencias-emocionais\/#primaryimage\",\"url\":\"http:\/\/www.lambent.com\/wp-content\/uploads\/2012\/11\/Lambent-PEI-logo.jpg\",\"contentUrl\":\"http:\/\/www.lambent.com\/wp-content\/uploads\/2012\/11\/Lambent-PEI-logo.jpg\"},{\"@type\":\"WebSite\",\"@id\":\"https:\/\/www.lambent.com\/#website\",\"url\":\"https:\/\/www.lambent.com\/\",\"name\":\"Lambent\",\"description\":\"International Coaching Training\",\"potentialAction\":[{\"@type\":\"SearchAction\",\"target\":{\"@type\":\"EntryPoint\",\"urlTemplate\":\"https:\/\/www.lambent.com\/?s={search_term_string}\"},\"query-input\":{\"@type\":\"PropertyValueSpecification\",\"valueRequired\":true,\"valueName\":\"search_term_string\"}}],\"inLanguage\":\"pt-BR\"}]}<\/script>\n<!-- \/ Yoast SEO plugin. -->","yoast_head_json":{"title":"Habilidades e Compet\u00eancias Emocionais - Lambent","robots":{"index":"index","follow":"follow","max-snippet":"max-snippet:-1","max-image-preview":"max-image-preview:large","max-video-preview":"max-video-preview:-1"},"canonical":"https:\/\/www.lambent.com\/pt-br\/ekman-habilidades-e-competencias-emocionais\/","og_locale":"pt_BR","og_type":"article","og_title":"Habilidades e Compet\u00eancias Emocionais - Lambent","og_description":"[vsw id=&#8221;h19PzyqOxxo&#8221; source=&#8221;youtube&#8221; width=&#8221;425&#8243; height=&#8221;344&#8243; autoplay=&#8221;no&#8221;] Este \u00e9 um curso aprovado por Paul Ekman Este curso trata das emo\u00e7\u00f5es, dos sentimentos, de como reconhecer e dirigir as emo\u00e7\u00f5es em n\u00f3s mesmos e nos outros. As emo\u00e7\u00f5es fazem parte de nossa condi\u00e7\u00e3o humana. Pensamos e sentimos&#8230; e atuamos. As emo\u00e7\u00f5es s\u00e3o o que impulsionam nossas a\u00e7\u00f5es, [&hellip;]","og_url":"https:\/\/www.lambent.com\/pt-br\/ekman-habilidades-e-competencias-emocionais\/","og_site_name":"Lambent","article_modified_time":"2015-01-12T18:05:59+00:00","og_image":[{"url":"http:\/\/www.lambent.com\/wp-content\/uploads\/2012\/11\/Lambent-PEI-logo.jpg","type":"","width":"","height":""}],"twitter_misc":{"Est. tempo de leitura":"5 minutos"},"schema":{"@context":"https:\/\/schema.org","@graph":[{"@type":"WebPage","@id":"https:\/\/www.lambent.com\/pt-br\/ekman-habilidades-e-competencias-emocionais\/","url":"https:\/\/www.lambent.com\/pt-br\/ekman-habilidades-e-competencias-emocionais\/","name":"Habilidades e Compet\u00eancias Emocionais - Lambent","isPartOf":{"@id":"https:\/\/www.lambent.com\/#website"},"primaryImageOfPage":{"@id":"https:\/\/www.lambent.com\/pt-br\/ekman-habilidades-e-competencias-emocionais\/#primaryimage"},"image":{"@id":"https:\/\/www.lambent.com\/pt-br\/ekman-habilidades-e-competencias-emocionais\/#primaryimage"},"thumbnailUrl":"http:\/\/www.lambent.com\/wp-content\/uploads\/2012\/11\/Lambent-PEI-logo.jpg","datePublished":"2013-03-06T18:24:12+00:00","dateModified":"2015-01-12T18:05:59+00:00","inLanguage":"pt-BR","potentialAction":[{"@type":"ReadAction","target":["https:\/\/www.lambent.com\/pt-br\/ekman-habilidades-e-competencias-emocionais\/"]}]},{"@type":"ImageObject","inLanguage":"pt-BR","@id":"https:\/\/www.lambent.com\/pt-br\/ekman-habilidades-e-competencias-emocionais\/#primaryimage","url":"http:\/\/www.lambent.com\/wp-content\/uploads\/2012\/11\/Lambent-PEI-logo.jpg","contentUrl":"http:\/\/www.lambent.com\/wp-content\/uploads\/2012\/11\/Lambent-PEI-logo.jpg"},{"@type":"WebSite","@id":"https:\/\/www.lambent.com\/#website","url":"https:\/\/www.lambent.com\/","name":"Lambent","description":"International Coaching Training","potentialAction":[{"@type":"SearchAction","target":{"@type":"EntryPoint","urlTemplate":"https:\/\/www.lambent.com\/?s={search_term_string}"},"query-input":{"@type":"PropertyValueSpecification","valueRequired":true,"valueName":"search_term_string"}}],"inLanguage":"pt-BR"}]}},"_links":{"self":[{"href":"https:\/\/www.lambent.com\/pt-br\/wp-json\/wp\/v2\/pages\/2822\/"}],"collection":[{"href":"https:\/\/www.lambent.com\/pt-br\/wp-json\/wp\/v2\/pages\/"}],"about":[{"href":"https:\/\/www.lambent.com\/pt-br\/wp-json\/wp\/v2\/types\/page\/"}],"author":[{"embeddable":true,"href":"https:\/\/www.lambent.com\/pt-br\/wp-json\/wp\/v2\/users\/1\/"}],"replies":[{"embeddable":true,"href":"https:\/\/www.lambent.com\/pt-br\/wp-json\/wp\/v2\/comments\/?post=2822"}],"version-history":[{"count":3,"href":"https:\/\/www.lambent.com\/pt-br\/wp-json\/wp\/v2\/pages\/2822\/revisions\/"}],"predecessor-version":[{"id":9349,"href":"https:\/\/www.lambent.com\/pt-br\/wp-json\/wp\/v2\/pages\/2822\/revisions\/9349\/"}],"wp:attachment":[{"href":"https:\/\/www.lambent.com\/pt-br\/wp-json\/wp\/v2\/media\/?parent=2822"}],"curies":[{"name":"wp","href":"https:\/\/api.w.org\/{rel}","templated":true}]}}